{"id":2485,"date":"2024-07-31T08:16:05","date_gmt":"2024-07-31T08:16:05","guid":{"rendered":"https:\/\/douxpavillon.fr\/?page_id=2485"},"modified":"2024-08-02T12:52:23","modified_gmt":"2024-08-02T12:52:23","slug":"conditions-generales-dutilisation","status":"publish","type":"page","link":"https:\/\/douxpavillon.fr\/pt\/conditions-generales-dutilisation\/","title":{"rendered":"TERMOS E CONDI\u00c7\u00d5ES GERAIS DE UTILIZA\u00c7\u00c3O"},"content":{"rendered":"<div data-elementor-type=\"wp-post\" data-elementor-id=\"2485\" class=\"elementor elementor-2485\">\n\t\t\t\t<div class=\"elementor-element elementor-element-zwrCvQG1 e-con-full   e-flex e-con e-parent\" data-id=\"zwrCvQG1\" data-element_type=\"container\" data-e-type=\"container\" data-settings=\"{&quot;background_background&quot;:&quot;classic&quot;}\">\n\t\t\t\t<div class=\"elementor-element elementor-element-IbdDsnbl elementor-widget__width-inherit elementor-widget-mobile__width-inherit   elementor-widget elementor-widget-text-editor\" data-id=\"IbdDsnbl\" data-element_type=\"widget\" data-e-type=\"widget\" data-widget_type=\"text-editor.default\">\n\t\t\t\t<div class=\"elementor-widget-container\">\n\t\t\t\t\t\t\t\t\t<h1><strong style=\"color: white;\">TERMOS E CONDI\u00c7\u00d5ES GERAIS DE UTILIZA\u00c7\u00c3O<\/strong><\/h1><p>Data da \u00faltima atualiza\u00e7\u00e3o: 31\/07\/2024<\/p><p>\u00a0<\/p><p>Artigo 1.\u00ba - AVISOS LEGAIS<\/p><p>\u00a0<\/p><p>Este s\u00edtio, acess\u00edvel atrav\u00e9s do URL douxpavillon.fr (o \"S\u00edtio\"), \u00e9 publicado por :<\/p><p>\u00a0<\/p><p>RF IMMO, sociedade com o capital social de 1.000 euros, inscrita no Registo Comercial e das Sociedades de PARIS sob o n\u00famero 982 964 355, com sede social em 9 rue des colonnes, 75002 Paris, representada pela RF INVEST Holding, devidamente autorizada.<\/p><p>\u00a0<\/p><p>O S\u00edtio \u00e9 alojado pela TenWeb, Inc., com sede em 40 E Main St, Suite 721, Newark, DE 19711, Estados Unidos (EIN: 38-4041069).<\/p><p>\u00a0<\/p><p>O Diretor de Publica\u00e7\u00f5es do s\u00edtio \u00e9 a RF INVEST.<\/p><p>\u00a0<\/p><p>O Operador pode ser contactado atrav\u00e9s do seguinte n\u00famero de telefone 07 56 90 04 22 e do seguinte endere\u00e7o eletr\u00f3nico: contact@douxpavillon.fr<\/p><p>\u00a0<\/p><p>Artigo 2 - DESCRI\u00c7\u00c3O DO SERVI\u00c7O<\/p><p>\u00a0<\/p><p>O S\u00edtio \u00e9 disponibilizado a qualquer pessoa que aceda ao s\u00edtio (o \"Utilizador\") para reservar alojamento tur\u00edstico mobilado e comprar noites de aluguer de apartamentos, casas ou outros tipos de alojamento.<\/p><p>\u00a0<\/p><p>Os Utilizadores s\u00e3o respons\u00e1veis pelos m\u00e9todos e consequ\u00eancias do seu acesso ao S\u00edtio, em particular atrav\u00e9s da Internet. Este acesso pode implicar o pagamento de taxas a fornecedores de servi\u00e7os t\u00e9cnicos, tais como fornecedores de acesso \u00e0 Internet, que ficam a cargo do Utilizador. Al\u00e9m disso, o Utilizador deve fornecer e ser inteiramente respons\u00e1vel pelo equipamento necess\u00e1rio para se ligar ao S\u00edtio.<\/p><p>\u00a0<\/p><p>O Utilizador reconhece que verificou a seguran\u00e7a e o bom funcionamento da configura\u00e7\u00e3o inform\u00e1tica que est\u00e1 a utilizar. As informa\u00e7\u00f5es e servi\u00e7os oferecidos pelo S\u00edtio est\u00e3o acess\u00edveis 24 horas por dia, 7 dias por semana, exceto em caso de for\u00e7a maior, avarias inform\u00e1ticas, opera\u00e7\u00f5es de manuten\u00e7\u00e3o ou problemas ligados \u00e0s redes de telecomunica\u00e7\u00f5es.<\/p><p>\u00a0<\/p><p>Artigo 3 - PROPRIEDADE INTELECTUAL E LICEN\u00c7A DE UTILIZA\u00c7\u00c3O DO WEBSITE<\/p><p>\u00a0<\/p><p>O Operador \u00e9 o \u00fanico propriet\u00e1rio de todos os elementos presentes no S\u00edtio, em particular e sem limita\u00e7\u00e3o, todos os textos, ficheiros, imagens animadas ou n\u00e3o, fotografias, v\u00eddeos, log\u00f3tipos, desenhos, modelos, software, marcas, identidade visual, base de dados, estrutura do S\u00edtio e todos os outros elementos de propriedade intelectual e outros dados ou informa\u00e7\u00f5es (doravante, os \"Elementos\") que est\u00e3o protegidos pelas leis e regulamentos franceses e internacionais relativos, em particular, \u00e0 propriedade intelectual.<\/p><p>\u00a0<\/p><p>Por conseguinte, nenhum dos Elementos do S\u00edtio pode, no todo ou em parte, ser modificado, reproduzido, copiado, duplicado, vendido, revendido, transmitido, publicado, comunicado, distribu\u00eddo, difundido, representado, armazenado, utilizado, alugado ou explorado de qualquer outra forma, a t\u00edtulo gratuito ou oneroso, por um Utilizador ou por um terceiro, quaisquer que sejam os meios e\/ou suportes utilizados, conhecidos ou desconhecidos at\u00e9 \u00e0 data, sem a autoriza\u00e7\u00e3o pr\u00e9via e expressa por escrito do Operador, caso a caso, sendo o Utilizador o \u00fanico respons\u00e1vel por qualquer utiliza\u00e7\u00e3o e\/ou explora\u00e7\u00e3o n\u00e3o autorizada.<\/p><p>\u00a0<\/p><p>ARTIGO 4.\u00ba - RESPONSABILIDADE E GARANTIA<\/p><p>\u00a0<\/p><p>O Utilizador reconhece que as carater\u00edsticas e limita\u00e7\u00f5es da Internet tornam imposs\u00edvel garantir a seguran\u00e7a, a disponibilidade e a integridade das transmiss\u00f5es de dados atrav\u00e9s da Internet. Por conseguinte, o Operador n\u00e3o garante que o S\u00edtio e os seus servi\u00e7os funcionem sem interrup\u00e7\u00f5es ou erros de funcionamento. Em particular, o seu funcionamento pode ser temporariamente interrompido para manuten\u00e7\u00e3o, actualiza\u00e7\u00f5es ou melhorias t\u00e9cnicas, ou para alterar o seu conte\u00fado e\/ou apresenta\u00e7\u00e3o.<\/p><p>\u00a0<\/p><p>O Operador n\u00e3o pode ser responsabilizado por qualquer utiliza\u00e7\u00e3o do S\u00edtio e dos seus Elementos por parte dos Utilizadores em viola\u00e7\u00e3o das presentes Condi\u00e7\u00f5es Gerais de Utiliza\u00e7\u00e3o ou por qualquer dano direto ou indireto que tal utiliza\u00e7\u00e3o possa causar a um Utilizador ou a terceiros. Em particular, o Operador n\u00e3o pode ser responsabilizado por falsas declara\u00e7\u00f5es feitas por um Utilizador ou pelo seu comportamento em rela\u00e7\u00e3o a terceiros. Se a responsabilidade do Operador for solicitada em resultado de tal comportamento por um dos seus Utilizadores, este \u00faltimo compromete-se a indemnizar o Operador por qualquer senten\u00e7a proferida contra ele e a reembolsar o Operador por todos os custos, em particular os honor\u00e1rios legais, incorridos na sua defesa.<\/p><p>\u00a0<\/p><p>ARTIGO 5.\u00ba - DADOS PESSOAIS<\/p><p>\u00a0<\/p><p>Para mais informa\u00e7\u00f5es sobre a utiliza\u00e7\u00e3o de dados pessoais pelo Operador, leia atentamente a Pol\u00edtica de Privacidade (a \"Pol\u00edtica\"). Pode consultar esta Carta no S\u00edtio a qualquer momento.<\/p><p>\u00a0<\/p><p>Artigo 6.\u00ba - LIGA\u00c7\u00d5ES HIPERTEXTO<\/p><p>\u00a0<\/p><p>As liga\u00e7\u00f5es de hipertexto dispon\u00edveis no S\u00edtio podem conduzir a s\u00edtios de terceiros n\u00e3o publicados pelo Operador. S\u00e3o fornecidas apenas para conveni\u00eancia do Utilizador, de modo a facilitar a utiliza\u00e7\u00e3o dos recursos dispon\u00edveis na Internet. Se o Utilizador utilizar estas liga\u00e7\u00f5es, estar\u00e1 a sair do S\u00edtio e a aceitar utilizar os s\u00edtios de terceiros por sua conta e risco ou, se for caso disso, de acordo com as condi\u00e7\u00f5es que os regem.<\/p><p>\u00a0<\/p><p>O Utilizador reconhece que o Operador n\u00e3o controla nem contribui de forma alguma para a elabora\u00e7\u00e3o das condi\u00e7\u00f5es de utiliza\u00e7\u00e3o e\/ou dos conte\u00fados aplic\u00e1veis ou que figuram nestes s\u00edtios de terceiros.<\/p><p>\u00a0<\/p><p>Por conseguinte, o Operador n\u00e3o pode ser responsabilizado de forma alguma por estas liga\u00e7\u00f5es de hipertexto.<\/p><p>\u00a0<\/p><p>Al\u00e9m disso, o Utilizador reconhece que o Operador n\u00e3o aprova, garante ou assume a totalidade ou parte das condi\u00e7\u00f5es de utiliza\u00e7\u00e3o e\/ou do conte\u00fado destes s\u00edtios de terceiros.<\/p><p>\u00a0<\/p><p>O S\u00edtio pode igualmente conter liga\u00e7\u00f5es de hipertexto promocionais e\/ou faixas publicit\u00e1rias que remetem para s\u00edtios de terceiros n\u00e3o publicados pelo Operador.<\/p><p>\u00a0<\/p><p>O Operador convida o Utilizador a inform\u00e1-lo de qualquer liga\u00e7\u00e3o de hipertexto presente no S\u00edtio que permita o acesso a um s\u00edtio de terceiros que ofere\u00e7a conte\u00fados contr\u00e1rios \u00e0 lei e\/ou \u00e0 moral.<\/p><p>\u00a0<\/p><p>O Utilizador n\u00e3o pode utilizar e\/ou inserir uma liga\u00e7\u00e3o de hipertexto que aponte para o s\u00edtio sem o acordo pr\u00e9vio por escrito do Operador, caso a caso.<\/p><p>\u00a0<\/p><p>ARTIGO 7.\u00ba - DISPOSI\u00c7\u00d5ES GERAIS<\/p><p>\u00a0<\/p><p>**ACORDO INTEGRAL DAS PARTES** (EM FRANC\u00caS)<\/p><p>\u00a0<\/p><p>As presentes Condi\u00e7\u00f5es Gerais de Utiliza\u00e7\u00e3o constituem um contrato que rege a rela\u00e7\u00e3o entre o Utilizador e o Operador. Constituem a totalidade dos direitos e obriga\u00e7\u00f5es do Operador e do Utilizador relativamente ao seu objeto. Se uma ou mais estipula\u00e7\u00f5es das presentes Condi\u00e7\u00f5es Gerais de Utiliza\u00e7\u00e3o forem declaradas nulas e sem efeito em aplica\u00e7\u00e3o de uma lei, de um regulamento ou na sequ\u00eancia de uma decis\u00e3o final de um tribunal competente, as outras estipula\u00e7\u00f5es manter\u00e3o toda a sua for\u00e7a e alcance. Al\u00e9m disso, o facto de uma das partes das presentes Condi\u00e7\u00f5es Gerais de Utiliza\u00e7\u00e3o n\u00e3o tirar partido de uma viola\u00e7\u00e3o pela outra parte de qualquer uma das disposi\u00e7\u00f5es das presentes Condi\u00e7\u00f5es Gerais de Utiliza\u00e7\u00e3o n\u00e3o deve ser interpretado como uma ren\u00fancia da sua parte a tirar partido de tal viola\u00e7\u00e3o no futuro.<\/p><p>\u00a0<\/p><p>**ALTERA\u00c7\u00d5ES \u00c0S CONDI\u00c7\u00d5ES DE UTILIZA\u00c7\u00c3O**<\/p><p>\u00a0<\/p><p>O Operador reserva-se o direito de modificar, em qualquer altura e sem aviso pr\u00e9vio, o conte\u00fado do S\u00edtio ou os servi\u00e7os nele dispon\u00edveis, e\/ou de cessar, tempor\u00e1ria ou permanentemente, o funcionamento de todo ou parte do S\u00edtio. Al\u00e9m disso, o Operador reserva-se o direito de modificar a localiza\u00e7\u00e3o do S\u00edtio na Internet, bem como as presentes Condi\u00e7\u00f5es Gerais de Utiliza\u00e7\u00e3o, em qualquer altura e sem aviso pr\u00e9vio. O Utilizador deve, portanto, consultar as presentes Condi\u00e7\u00f5es Gerais de Utiliza\u00e7\u00e3o antes de utilizar o S\u00edtio. Em caso de modifica\u00e7\u00f5es substanciais, o Utilizador ser\u00e1 informado atrav\u00e9s de um e-mail e de um aviso no S\u00edtio antes de a modifica\u00e7\u00e3o ser aplicada. O Utilizador reconhece que o Operador n\u00e3o pode ser responsabilizado, seja de que forma for, perante o Utilizador ou qualquer terceiro, em resultado destas modifica\u00e7\u00f5es, suspens\u00f5es ou cessa\u00e7\u00f5es.<\/p><p>\u00a0<\/p><p>**DIREITO APLIC\u00c1VEL<\/p><p>\u00a0<\/p><p>As presentes Condi\u00e7\u00f5es Gerais de Utiliza\u00e7\u00e3o s\u00e3o regidas, interpretadas e aplicadas em conformidade com a legisla\u00e7\u00e3o francesa.<\/p><p>\u00a0<\/p><p>ACEITA\u00c7\u00c3O DOS TERMOS E CONDI\u00c7\u00d5ES GERAIS PELO UTILIZADOR** **ACEITA\u00c7\u00c3O DOS TERMOS E CONDI\u00c7\u00d5ES GERAIS PELO UTILIZADOR** **ACEITA\u00c7\u00c3O DOS TERMOS E CONDI\u00c7\u00d5ES GERAIS PELO UTILIZADOR<\/p><p>\u00a0<\/p><p>As presentes Condi\u00e7\u00f5es Gerais de Utiliza\u00e7\u00e3o constituem um contrato que rege a rela\u00e7\u00e3o entre o Utilizador e o Operador. Ao reservar um alojamento no nosso s\u00edtio, o Utilizador confirma que leu as Condi\u00e7\u00f5es Gerais de Utiliza\u00e7\u00e3o e que as aceita sem reservas, ficando assim contratualmente vinculado aos termos das presentes Condi\u00e7\u00f5es Gerais de Utiliza\u00e7\u00e3o. As condi\u00e7\u00f5es gerais de utiliza\u00e7\u00e3o aplic\u00e1veis ao Utilizador s\u00e3o as que se encontram publicadas no s\u00edtio Web. Em caso de modifica\u00e7\u00e3o, o Operador publicar\u00e1 estas altera\u00e7\u00f5es no S\u00edtio para que o Utilizador saiba que informa\u00e7\u00f5es s\u00e3o recolhidas, como s\u00e3o utilizadas, em que circunst\u00e2ncias e, se for caso disso, como s\u00e3o divulgadas. Em caso de modifica\u00e7\u00f5es substanciais, o Utilizador ser\u00e1 informado atrav\u00e9s de um e-mail e de um aviso no S\u00edtio Web antes da aplica\u00e7\u00e3o da modifica\u00e7\u00e3o.<\/p><p>\u00a0<\/p>\t\t\t\t\t\t\t\t<\/div>\n\t\t\t\t<\/div>\n\t\t<div class=\"elementor-element elementor-element-IJXep82i e-con-full   e-flex e-con e-child\" data-id=\"IJXep82i\" data-element_type=\"container\" data-e-type=\"container\">\n\t\t\t\t<\/div>\n\t\t\t\t<\/div>\n\t\t\t\t<\/div>","protected":false},"excerpt":{"rendered":"<p>CONDITIONS G\u00c9N\u00c9RALES D\u2019UTILISATION Date de derni\u00e8re mise \u00e0 jour : 31\/07\/2024 \u00a0 Article 1 \u2013 MENTIONS L\u00c9GALES \u00a0 Le pr\u00e9sent site, accessible \u00e0 l\u2019URL douxpavillon.fr (le \u00ab Site \u00bb), est \u00e9dit\u00e9 par : \u00a0 RF IMMO, soci\u00e9t\u00e9 au capital de 1000 euros, inscrite au R.C.S. de PARIS sous le num\u00e9ro 982 964 355, dont le [&hellip;]<\/p>\n","protected":false},"author":0,"featured_media":0,"parent":0,"menu_order":0,"comment_status":"closed","ping_status":"draft","template":"elementor_header_footer","meta":{"inline_featured_image":false,"two_page_speed":[],"footnotes":""},"class_list":["post-2485","page","type-page","status-publish","hentry"],"_links":{"self":[{"href":"https:\/\/douxpavillon.fr\/pt\/wp-json\/wp\/v2\/pages\/2485","targetHints":{"allow":["GET"]}}],"collection":[{"href":"https:\/\/douxpavillon.fr\/pt\/wp-json\/wp\/v2\/pages"}],"about":[{"href":"https:\/\/douxpavillon.fr\/pt\/wp-json\/wp\/v2\/types\/page"}],"replies":[{"embeddable":true,"href":"https:\/\/douxpavillon.fr\/pt\/wp-json\/wp\/v2\/comments?post=2485"}],"version-history":[{"count":0,"href":"https:\/\/douxpavillon.fr\/pt\/wp-json\/wp\/v2\/pages\/2485\/revisions"}],"wp:attachment":[{"href":"https:\/\/douxpavillon.fr\/pt\/wp-json\/wp\/v2\/media?parent=2485"}],"curies":[{"name":"wp","href":"https:\/\/api.w.org\/{rel}","templated":true}]}}