{"id":2540,"date":"2024-08-02T14:19:18","date_gmt":"2024-08-02T14:19:18","guid":{"rendered":"https:\/\/douxpavillon.fr\/?page_id=2540"},"modified":"2025-04-12T13:48:03","modified_gmt":"2025-04-12T13:48:03","slug":"conditions-generales-de-vente","status":"publish","type":"page","link":"https:\/\/douxpavillon.fr\/pt\/conditions-generales-de-vente\/","title":{"rendered":"conditions g\u00e9n\u00e9rales de vente"},"content":{"rendered":"<div data-elementor-type=\"wp-post\" data-elementor-id=\"2540\" class=\"elementor elementor-2540\">\n\t\t\t\t<div class=\"elementor-element elementor-element-gPn6TMh1 e-con-full   e-flex e-con e-parent\" data-id=\"gPn6TMh1\" data-element_type=\"container\" data-e-type=\"container\" data-settings=\"{&quot;background_background&quot;:&quot;classic&quot;}\">\n\t\t\t\t<div class=\"elementor-element elementor-element-M8ac1Fzo elementor-widget__width-initial elementor-widget-mobile__width-inherit   elementor-widget elementor-widget-text-editor\" data-id=\"M8ac1Fzo\" data-element_type=\"widget\" data-e-type=\"widget\" data-widget_type=\"text-editor.default\">\n\t\t\t\t<div class=\"elementor-widget-container\">\n\t\t\t\t\t\t\t\t\t<h2 style=\"font-family: 'libre baskerville'; font-size: 3.75rem; line-height: 1.133em; color: #967d48; text-align: center;\">CONDI\u00c7\u00d5ES <strong style=\"font-weight: bold;\"> TERMOS E CONDI\u00c7\u00d5ES DE VENDA<\/strong><\/h2><div><strong style=\"font-weight: bold;\"><br><\/strong><\/div>\n<p style=\"font-weight: bold; font-style: italic;\">Data da \u00faltima atualiza\u00e7\u00e3o: 12\/04\/2025<\/p><p style=\"font-weight: bold; font-style: italic;\"><br><\/p>\n<p><strong>1 - Objetivo<\/strong><\/p>\n<p>Os presentes Termos e Condi\u00e7\u00f5es Gerais de Venda (TCGV) regem todas as reservas efectuadas no nosso s\u00edtio Web de aluguer de curta dura\u00e7\u00e3o. Ao reservar um alojamento no nosso s\u00edtio Web, o utilizador aceita sem reservas as presentes condi\u00e7\u00f5es gerais.<\/p><p><br><\/p>\n<p><strong>2 - Reserva e pagamento<\/strong><\/p>\n<p>As reservas tornam-se efectivas a partir do momento em que s\u00e3o feitas.<\/p><p><br><\/p>\n<p><strong>3 - Anula\u00e7\u00e3o<\/strong><\/p>\n<p>Pode alterar ou cancelar a sua reserva gratuitamente at\u00e9 5 dias antes da data de chegada.<\/p>\n<p>Ap\u00f3s esta data, a reserva n\u00e3o \u00e9 reembols\u00e1vel.<\/p>\n<p>Todas as anula\u00e7\u00f5es devem ser notificadas por escrito para o seguinte endere\u00e7o: contact@douxpavillon.fr.<\/p><p><br><\/p>\n<p><strong>4 - Chegada e partida<\/strong><\/p>\n<p>O alojamento est\u00e1 dispon\u00edvel a partir das 17h00 do dia de chegada e deve ser desocupado at\u00e9 \u00e0s 11h00 do dia de partida.<\/p><p><br><\/p>\n<p><strong>5 - Utiliza\u00e7\u00e3o das instala\u00e7\u00f5es<\/strong><\/p>\n<p>O arrendat\u00e1rio compromete-se a utilizar o local de forma pac\u00edfica e a respeitar os vizinhos. Qualquer inc\u00f3modo causado aos vizinhos pode implicar a rescis\u00e3o imediata do contrato de aluguer sem direito a reembolso.<\/p><p><br><\/p>\n<p><strong>6 - Cau\u00e7\u00e3o de seguran\u00e7a<\/strong><\/p>\n<p>Um dep\u00f3sito ser\u00e1 pago por pr\u00e9-autoriza\u00e7\u00e3o banc\u00e1ria antes da sua chegada. Este procedimento n\u00e3o implica um d\u00e9bito imediato na sua conta, mas alguns bancos podem bloquear este montante para verificar a disponibilidade de fundos. O dep\u00f3sito ser\u00e1 reembolsado no prazo de 7 dias ap\u00f3s a sua partida, desde que n\u00e3o tenha havido danos.<\/p><p><br><\/p>\n<p><strong>7 - Responsabilidade<\/strong><\/p>\n<p>N\u00e3o assumimos qualquer responsabilidade por roubo, perda ou dano dos objectos pessoais do locat\u00e1rio. O locat\u00e1rio \u00e9 respons\u00e1vel por todos os danos causados por si ou pelos seus acompanhantes durante o per\u00edodo de aluguer.<\/p><p><br><\/p>\n<p><strong>8 - Lit\u00edgios<\/strong><\/p>\n<p>Qualquer lit\u00edgio relacionado com a execu\u00e7\u00e3o ou interpreta\u00e7\u00e3o das presentes CGV ser\u00e1 submetido ao tribunal competente do local onde se situa o im\u00f3vel arrendado.<\/p>\t\t\t\t\t\t\t\t<\/div>\n\t\t\t\t<\/div>\n\t\t<div class=\"elementor-element elementor-element-HoyqruNn e-con-full   e-flex e-con e-child\" data-id=\"HoyqruNn\" data-element_type=\"container\" data-e-type=\"container\">\n\t\t\t\t<\/div>\n\t\t\t\t<\/div>\n\t\t\t\t<\/div>","protected":false},"excerpt":{"rendered":"<p>CONDITIONS G\u00c9N\u00c9RALES DE VENTE Date de derni\u00e8re mise \u00e0 jour : 12\/04\/2025 1 &#8211; Objet Les pr\u00e9sentes Conditions G\u00e9n\u00e9rales de Vente (CGV) r\u00e9gissent toutes les r\u00e9servations effectu\u00e9es sur notre site de location courte dur\u00e9e. En r\u00e9servant un logement sur notre site, vous acceptez sans r\u00e9serve les pr\u00e9sentes CGV. 2 &#8211; R\u00e9servation et Paiement La r\u00e9servation [&hellip;]<\/p>\n","protected":false},"author":0,"featured_media":0,"parent":0,"menu_order":0,"comment_status":"closed","ping_status":"draft","template":"elementor_header_footer","meta":{"inline_featured_image":false,"two_page_speed":[],"footnotes":""},"class_list":["post-2540","page","type-page","status-publish","hentry"],"_links":{"self":[{"href":"https:\/\/douxpavillon.fr\/pt\/wp-json\/wp\/v2\/pages\/2540","targetHints":{"allow":["GET"]}}],"collection":[{"href":"https:\/\/douxpavillon.fr\/pt\/wp-json\/wp\/v2\/pages"}],"about":[{"href":"https:\/\/douxpavillon.fr\/pt\/wp-json\/wp\/v2\/types\/page"}],"replies":[{"embeddable":true,"href":"https:\/\/douxpavillon.fr\/pt\/wp-json\/wp\/v2\/comments?post=2540"}],"version-history":[{"count":0,"href":"https:\/\/douxpavillon.fr\/pt\/wp-json\/wp\/v2\/pages\/2540\/revisions"}],"wp:attachment":[{"href":"https:\/\/douxpavillon.fr\/pt\/wp-json\/wp\/v2\/media?parent=2540"}],"curies":[{"name":"wp","href":"https:\/\/api.w.org\/{rel}","templated":true}]}}